{"id":2163,"date":"2020-12-03T12:55:42","date_gmt":"2020-12-03T11:55:42","guid":{"rendered":"https:\/\/iukr.de\/wp\/christian-wilde\/"},"modified":"2024-07-29T14:53:55","modified_gmt":"2024-07-29T12:53:55","slug":"christian-wilde-memorial","status":"publish","type":"page","link":"https:\/\/iukr.de\/en\/christian-wilde-memorial\/","title":{"rendered":"Christian Wilde Memorial"},"content":{"rendered":"<p>[et_pb_section fb_built=&#8221;1&#8243; _builder_version=&#8221;4.16&#8243; _module_preset=&#8221;default&#8221; custom_margin=&#8221;||0px||false|false&#8221; custom_padding=&#8221;0px||0px||false|false&#8221; global_colors_info=&#8221;{}&#8221;][et_pb_row _builder_version=&#8221;4.16&#8243; _module_preset=&#8221;59864325-1eac-49b5-b016-20587d8f76d9&#8243; max_width=&#8221;80%&#8221; custom_padding=&#8221;0px||0px||false|false&#8221; border_color_all=&#8221;#891122&#8243; border_width_top=&#8221;6px&#8221; global_colors_info=&#8221;{}&#8221;][et_pb_column type=&#8221;4_4&#8243; _builder_version=&#8221;4.16&#8243; _module_preset=&#8221;default&#8221; global_colors_info=&#8221;{}&#8221;][et_pb_slider show_arrows=&#8221;off&#8221; show_pagination=&#8221;off&#8221; arrows_custom_color=&#8221;#f39200&#8243; _builder_version=&#8221;4.16&#8243; _module_preset=&#8221;ec616dac-3b4a-47de-8c96-3fad5fa8616b&#8221; background_color=&#8221;#00959e&#8221; background_enable_image=&#8221;off&#8221; text_orientation=&#8221;left&#8221; module_alignment=&#8221;center&#8221; min_height=&#8221;450px&#8221; min_height_tablet=&#8221;&#8221; min_height_phone=&#8221;350px&#8221; min_height_last_edited=&#8221;on|tablet&#8221; height=&#8221;350px&#8221; max_height=&#8221;450px&#8221; animation_style=&#8221;fade&#8221; auto=&#8221;on&#8221; auto_speed=&#8221;8500&#8243; global_colors_info=&#8221;{}&#8221;][et_pb_slide _builder_version=&#8221;4.16&#8243; _module_preset=&#8221;default&#8221; background_image=&#8221;https:\/\/iukr.de\/wp-content\/uploads\/2021\/02\/49742623866_e7a22c5181_o.jpg&#8221; background_enable_image=&#8221;on&#8221; text_orientation=&#8221;center&#8221; global_colors_info=&#8221;{}&#8221; sticky_transition=&#8221;on&#8221;][\/et_pb_slide][\/et_pb_slider][\/et_pb_column][\/et_pb_row][et_pb_row _builder_version=&#8221;4.16&#8243; _module_preset=&#8221;default&#8221; custom_margin=&#8221;0px||0px||false|false&#8221; custom_padding=&#8221;0px||0px||false|false&#8221; hover_enabled=&#8221;0&#8243; saved_tabs=&#8221;all&#8221; global_colors_info=&#8221;{}&#8221; sticky_enabled=&#8221;0&#8243;][et_pb_column type=&#8221;4_4&#8243; _builder_version=&#8221;4.16&#8243; _module_preset=&#8221;default&#8221; global_colors_info=&#8221;{}&#8221;][\/et_pb_column][\/et_pb_row][\/et_pb_section][et_pb_section fb_built=&#8221;1&#8243; _builder_version=&#8221;4.16&#8243; _module_preset=&#8221;default&#8221; custom_margin=&#8221;-3px|||||&#8221; custom_padding=&#8221;||12px|||&#8221; global_colors_info=&#8221;{}&#8221;][et_pb_row _builder_version=&#8221;4.16&#8243; _module_preset=&#8221;59864325-1eac-49b5-b016-20587d8f76d9&#8243; hover_enabled=&#8221;0&#8243; global_colors_info=&#8221;{}&#8221; sticky_enabled=&#8221;0&#8243;][et_pb_column type=&#8221;4_4&#8243; _builder_version=&#8221;4.16&#8243; _module_preset=&#8221;default&#8221; custom_padding=&#8221;|||&#8221; global_colors_info=&#8221;{}&#8221; custom_padding__hover=&#8221;|||&#8221;][et_pb_text _builder_version=&#8221;4.20.2&#8243; _module_preset=&#8221;default&#8221; background_size=&#8221;initial&#8221; background_position=&#8221;top_left&#8221; background_repeat=&#8221;repeat&#8221; hover_enabled=&#8221;0&#8243; global_colors_info=&#8221;{}&#8221; sticky_enabled=&#8221;0&#8243;]<\/p>\n<h1>Christian Wilde Rememberance<\/h1>\n<p><strong>Christian Wilde<\/strong> was a member of the founding committee of <a href=\"https:\/\/www.law-school.de\/international\/\" target=\"_blank\" rel=\"noopener noreferrer\" title=\"Bucerius law school\"><strong>Bucerius Law School<\/strong><\/a> and partner in the law firm <a href=\"https:\/\/www.freshfields.de\/\" target=\"_blank\" rel=\"noopener noreferrer\">Freshfields Bruckhaus Deringer<\/a>.<\/p>\n<p>The existence of our university is owed not least to his great personal commitment. Christian Wilde, who died at the age of 64 in 2004, had a friendly relationship to many students, professors and the university itself.<\/p>\n<p>In his honour the University and the ICCML hold the <strong>Christian Wilde Commemoration Lecture<\/strong>.<\/p>\n<p>&nbsp;<\/p>\n<p><!-- \/divi:paragraph --><\/p>\n<p>[\/et_pb_text][\/et_pb_column][\/et_pb_row][et_pb_row _builder_version=&#8221;4.16&#8243; _module_preset=&#8221;default&#8221; custom_margin=&#8221;0px||0px||false|false&#8221; custom_padding=&#8221;0px||0px||false|false&#8221; saved_tabs=&#8221;all&#8221; global_colors_info=&#8221;{}&#8221;][et_pb_column type=&#8221;4_4&#8243; _builder_version=&#8221;4.16&#8243; _module_preset=&#8221;default&#8221; global_colors_info=&#8221;{}&#8221;][\/et_pb_column][\/et_pb_row][\/et_pb_section][et_pb_section fb_built=&#8221;1&#8243; _builder_version=&#8221;4.16&#8243; _module_preset=&#8221;default&#8221; background_color=&#8221;#b0cfd4&#8243; box_shadow_style=&#8221;preset7&#8243; box_shadow_horizontal=&#8221;0px&#8221; box_shadow_vertical=&#8221;250px&#8221; box_shadow_color=&#8221;#ffffff&#8221; global_colors_info=&#8221;{}&#8221;][et_pb_row _builder_version=&#8221;4.16&#8243; _module_preset=&#8221;59864325-1eac-49b5-b016-20587d8f76d9&#8243; global_colors_info=&#8221;{}&#8221;][et_pb_column type=&#8221;4_4&#8243; _builder_version=&#8221;4.16&#8243; _module_preset=&#8221;default&#8221; global_colors_info=&#8221;{}&#8221;][et_pb_text _builder_version=&#8221;4.16&#8243; _module_preset=&#8221;default&#8221; text_orientation=&#8221;center&#8221; global_colors_info=&#8221;{}&#8221;]<\/p>\n<h2>Christian Wilde-Events<\/h2>\n<p>[\/et_pb_text][\/et_pb_column][\/et_pb_row][et_pb_row use_custom_gutter=&#8221;on&#8221; gutter_width=&#8221;2&#8243; make_equal=&#8221;on&#8221; _builder_version=&#8221;4.16&#8243; _module_preset=&#8221;59864325-1eac-49b5-b016-20587d8f76d9&#8243; global_colors_info=&#8221;{}&#8221;][et_pb_column type=&#8221;4_4&#8243; _builder_version=&#8221;4.16&#8243; _module_preset=&#8221;default&#8221; global_colors_info=&#8221;{}&#8221;][et_pb_blog fullwidth=&#8221;off&#8221; posts_number=&#8221;3&#8243; include_categories=&#8221;53&#8243; show_more=&#8221;on&#8221; show_author=&#8221;off&#8221; show_categories=&#8221;off&#8221; show_pagination=&#8221;off&#8221; masonry_tile_background_color=&#8221;#ffffff&#8221; module_class=&#8221;cu-blog&#8221; _builder_version=&#8221;4.16&#8243; _module_preset=&#8221;default&#8221; header_text_align=&#8221;left&#8221; header_font_size=&#8221;22px&#8221; header_line_height=&#8221;1.4em&#8221; body_font=&#8221;||||||||&#8221; body_text_color=&#8221;#00959e&#8221; body_font_size=&#8221;15px&#8221; body_line_height=&#8221;1.6em&#8221; meta_text_color=&#8221;#00959e&#8221; meta_font_size=&#8221;14px&#8221; meta_line_height=&#8221;1.9em&#8221; read_more_font=&#8221;|700|||||||&#8221; read_more_text_color=&#8221;#004a56&#8243; custom_padding=&#8221;10px|10px|10px|10px|false|false&#8221; border_width_all=&#8221;0px&#8221; box_shadow_style=&#8221;preset1&#8243; box_shadow_vertical=&#8221;0px&#8221; box_shadow_blur=&#8221;10px&#8221; box_shadow_color=&#8221;rgba(0,0,0,0.18)&#8221; global_colors_info=&#8221;{}&#8221; box_shadow_horizontal__hover_enabled=&#8221;on|desktop&#8221; box_shadow_vertical__hover_enabled=&#8221;on|desktop&#8221; box_shadow_blur__hover_enabled=&#8221;on|desktop&#8221; box_shadow_spread__hover_enabled=&#8221;on|desktop&#8221; box_shadow_spread__hover=&#8221;5px&#8221; box_shadow_blur__hover=&#8221;15px&#8221; box_shadow_vertical__hover=&#8221;0px&#8221;][\/et_pb_blog][\/et_pb_column][\/et_pb_row][\/et_pb_section][et_pb_section fb_built=&#8221;1&#8243; disabled_on=&#8221;on|on|on&#8221; _builder_version=&#8221;4.16&#8243; _module_preset=&#8221;default&#8221; custom_margin=&#8221;-3px|||||&#8221; custom_padding=&#8221;||12px|||&#8221; disabled=&#8221;on&#8221; global_colors_info=&#8221;{}&#8221;][et_pb_row _builder_version=&#8221;4.16&#8243; _module_preset=&#8221;59864325-1eac-49b5-b016-20587d8f76d9&#8243; width=&#8221;75%&#8221; width_tablet=&#8221;&#8221; width_phone=&#8221;&#8221; width_last_edited=&#8221;on|phone&#8221; max_width=&#8221;800px&#8221; global_colors_info=&#8221;{}&#8221;][et_pb_column type=&#8221;4_4&#8243; _builder_version=&#8221;4.16&#8243; _module_preset=&#8221;default&#8221; custom_padding=&#8221;|||&#8221; global_colors_info=&#8221;{}&#8221; custom_padding__hover=&#8221;|||&#8221;][et_pb_text _builder_version=&#8221;4.16&#8243; _module_preset=&#8221;default&#8221; background_size=&#8221;initial&#8221; background_position=&#8221;top_left&#8221; background_repeat=&#8221;repeat&#8221; global_colors_info=&#8221;{}&#8221;]<\/p>\n<h1>Christian Wilde-Award<\/h1>\n<p>In memory of Dr. Christian Wilde (\u2020 2004) Annegret and Claus G. Budelmann donate the \u201cChristian Wilde Award\u201d for an outstanding dissertation in the area of corporate or capital markets law.<\/p>\n<p>The prize is worth 5.000 Euros and is awarded every year at the academic ceremony. From 2008 \u2013 2012 the award was donated by the Berenberg Bank.<\/p>\n<p>&nbsp;<\/p>\n<p><!-- \/divi:paragraph --><\/p>\n<p>[\/et_pb_text][\/et_pb_column][\/et_pb_row][et_pb_row _builder_version=&#8221;4.16&#8243; _module_preset=&#8221;default&#8221; custom_margin=&#8221;0px||0px||false|false&#8221; custom_padding=&#8221;0px||0px||false|false&#8221; saved_tabs=&#8221;all&#8221; global_colors_info=&#8221;{}&#8221;][et_pb_column type=&#8221;4_4&#8243; _builder_version=&#8221;4.16&#8243; _module_preset=&#8221;default&#8221; global_colors_info=&#8221;{}&#8221;][\/et_pb_column][\/et_pb_row][\/et_pb_section][et_pb_section fb_built=&#8221;1&#8243; disabled_on=&#8221;on|on|on&#8221; _builder_version=&#8221;4.16&#8243; _module_preset=&#8221;default&#8221; custom_margin=&#8221;-3px|||||&#8221; custom_padding=&#8221;||12px|||&#8221; disabled=&#8221;on&#8221; global_colors_info=&#8221;{}&#8221;][et_pb_row _builder_version=&#8221;4.16&#8243; _module_preset=&#8221;59864325-1eac-49b5-b016-20587d8f76d9&#8243; width=&#8221;75%&#8221; width_tablet=&#8221;&#8221; width_phone=&#8221;&#8221; width_last_edited=&#8221;on|phone&#8221; max_width=&#8221;800px&#8221; global_colors_info=&#8221;{}&#8221;][et_pb_column type=&#8221;4_4&#8243; _builder_version=&#8221;4.16&#8243; _module_preset=&#8221;default&#8221; custom_padding=&#8221;|||&#8221; global_colors_info=&#8221;{}&#8221; custom_padding__hover=&#8221;|||&#8221;][et_pb_text _builder_version=&#8221;4.16&#8243; _module_preset=&#8221;default&#8221; text_text_color=&#8221;#004a56&#8243; header_text_color=&#8221;#004a56&#8243; header_2_text_color=&#8221;#004a56&#8243; header_3_text_color=&#8221;#004a56&#8243; text_orientation=&#8221;center&#8221; custom_margin=&#8221;||0px||false|false&#8221; global_colors_info=&#8221;{}&#8221;]<\/p>\n<h2>Laureates<\/h2>\n<p>[\/et_pb_text][et_pb_accordion _builder_version=&#8221;4.16&#8243; _module_preset=&#8221;default&#8221; global_colors_info=&#8221;{}&#8221;][et_pb_accordion_item title=&#8221;Closed&#8221; open=&#8221;on&#8221; _builder_version=&#8221;4.16&#8243; _module_preset=&#8221;default&#8221; custom_css_main_element=&#8221;display:none;&#8221; global_colors_info=&#8221;{}&#8221;]<\/p>\n<p>Your content goes here. Edit or remove this text inline or in the module Content settings. You can also style every aspect of this content in the module Design settings and even apply custom CSS to this text in the module Advanced settings.<\/p>\n<p>[\/et_pb_accordion_item][et_pb_accordion_item title=&#8221;2015&#8243; _builder_version=&#8221;4.16&#8243; _module_preset=&#8221;default&#8221; global_colors_info=&#8221;{}&#8221; open=&#8221;off&#8221;]<\/p>\n<h3>1. Preis<br \/> Philip Liebenow<\/h3>\n<p>Das Schuldverschreibungsgesetz als Anleiheorganisationsrecht und Gesellschaftsrecht der Obligation\u00e4re (<a href=\"https:\/\/www.mohrsiebeck.com\/buch\/das-schuldverschreibungsgesetz-als-anleiheorganisationsrecht-und-gesellschaftsrecht-9783161541414\">Link<\/a>)<\/p>\n<h3>2. Preise<br \/> Bettina Sauter<\/h3>\n<p>Anhang und Lagebericht im Spannungsfeld zwischen Unternehmens- und Bilanzrecht (<a href=\"https:\/\/www.mohrsiebeck.com\/buch\/anhang-und-lagebericht-im-spannungsfeld-zwischen-unternehmens-und-bilanzrecht-9783161539817\">Link<\/a><a href=\"https:\/\/www.mohr.de\/buch\/anhang-und-lagebericht-im-spannungsfeld-zwischen-unternehmens-und-bilanzrecht-9783161539817\"><\/a>)<\/p>\n<h3>Arne C. Krawinkel<\/h3>\n<p>Grenzen der Aktion\u00e4rsautonomie bei der Notrekapitalisierung systemrelevanter Banken (<a href=\"https:\/\/www.mohrsiebeck.com\/buch\/grenzen-der-aktionaersautonomie-bei-der-notrekapitalisierung-systemrelevanter-banken-9783161540561\">Link<\/a>)<\/p>\n<p>[\/et_pb_accordion_item][et_pb_accordion_item title=&#8221;2014&#8243; _builder_version=&#8221;4.16&#8243; _module_preset=&#8221;default&#8221; global_colors_info=&#8221;{}&#8221; open=&#8221;off&#8221;]<\/p>\n<h3>1. Preis<br \/> Oliver Ramcke<\/h3>\n<p>Die Konkretisierung des Missbrauchsverbots der SE zum Schutz von Beteiligungsrechten der Arbeitnehmer (<a href=\"https:\/\/www.duncker-humblot.de\/buch\/die-konkretisierung-des-missbrauchsverbots-der-se-zum-schutz-von-beteiligungsrechten-der-arbeitnehmer-9783428146109\">Link<\/a>)<\/p>\n<h3>2. Preis<br \/> Stephan Schneider<\/h3>\n<p>Gesellschafter-Stimmpflichten bei Sanierungen (<a href=\"https:\/\/shop.wolterskluwer-online.de\/rechtsgebiete\/wirtschaftsrecht\/gesellschaftsrecht\/58480000-gesellschafter-stimmpflichten-bei-sanierungen-ahw-210.html\">Link<\/a>)<\/p>\n<h3>3. Preis<br \/> Juliane Jacobsen<\/h3>\n<p>Vereinbarungen \u00fcber Mitbestimmungsfragen im Konzern (<a href=\"https:\/\/www.nomos-shop.de\/nomos\/titel\/vereinbarungen-ueber-mitbestimmungsfragen-im-konzern-id-74217\/\">Link<\/a>)<\/p>\n<p>[\/et_pb_accordion_item][et_pb_accordion_item title=&#8221;2013&#8243; _builder_version=&#8221;4.16&#8243; _module_preset=&#8221;default&#8221; global_colors_info=&#8221;{}&#8221; open=&#8221;off&#8221;]<\/p>\n<h3>Jonas Benjamin Ulmrich<\/h3>\n<p>Investorentransparenz. Die Mitteilungspflichten f\u00fcr Inhaber wesentlicher Beteiligungen (\u00a7 27a WpHG) auf der Grundlage ihrer US-amerikanischen und franz\u00f6sischen Regelungsvorbilder (<a href=\"https:\/\/www.mohrsiebeck.com\/buch\/investorentransparenz-9783161525117\">Link<\/a>)<\/p>\n<p>[\/et_pb_accordion_item][et_pb_accordion_item title=&#8221;2012&#8243; _builder_version=&#8221;4.16&#8243; _module_preset=&#8221;default&#8221; global_colors_info=&#8221;{}&#8221; open=&#8221;off&#8221;]<\/p>\n<h3>1. Preis<br \/> Maximilian Prei\u00dfer<\/h3>\n<p>Sovereign Wealth Funds \u2013 Entwicklung eines umfassenden Konzepts f\u00fcr die Regulierung von Staatsfonds (<a href=\"https:\/\/www.mohrsiebeck.com\/buch\/sovereign-wealth-funds-9783161522109\">Link<\/a>)<\/p>\n<h3>2. Preis<br \/> Christian Bochmann<\/h3>\n<p>Covenants und die Verfassung der Aktiengesellschaft &#8211; Aktienrechtliche Legitimationsbed\u00fcrftigkeit und Legitimationsf\u00e4higkeit von Kreditsicherungsklauseln mit korporativen Bez\u00fcgen (<a href=\"https:\/\/www.mohrsiebeck.com\/buch\/covenants-und-die-verfassung-der-aktiengesellschaft-9783161521720\">Link<\/a>)<\/p>\n<h3>3. Preis<br \/> Tobias Kahnert<\/h3>\n<p>Rechtsetzung im Europ\u00e4ischen Gesellschaftsrecht &#8211; Harmonisierung, Wettbewerb, Modellgesetze (<a href=\"https:\/\/www.mohrsiebeck.com\/buch\/rechtsetzung-im-europaeischen-gesellschaftsrecht-9783161520464\">Link<\/a>)<\/p>\n<p>[\/et_pb_accordion_item][et_pb_accordion_item title=&#8221;2010&#8243; _builder_version=&#8221;4.16&#8243; _module_preset=&#8221;default&#8221; global_colors_info=&#8221;{}&#8221; open=&#8221;off&#8221;]<\/p>\n<p>Kein Preistr\u00e4ger<\/p>\n<p>[\/et_pb_accordion_item][et_pb_accordion_item title=&#8221;2009&#8243; _builder_version=&#8221;4.16&#8243; _module_preset=&#8221;default&#8221; global_colors_info=&#8221;{}&#8221; open=&#8221;off&#8221;]<\/p>\n<h3>Hendrik Brinckmann<\/h3>\n<p>Kapitalmarktrechtliche Finanzberichterstattung (<a href=\"https:\/\/www.nomos-shop.de\/nomos\/titel\/kapitalmarktrechtliche-finanzberichterstattung-id-69541\/\">Link<\/a>)<\/p>\n<h3>Sebastian Fischer<\/h3>\n<p>Monistische Unternehmensverfassung &#8211; \u00d6konomische Analyse und Pl\u00e4doyer f\u00fcr ein Wahlrecht im deutschen Aktienrecht (<a href=\"https:\/\/www.nomos-shop.de\/nomos\/titel\/monistische-unternehmensverfassung-id-71454\/\">Link<\/a>)<\/p>\n<p>[\/et_pb_accordion_item][et_pb_accordion_item title=&#8221;2008&#8243; _builder_version=&#8221;4.16&#8243; _module_preset=&#8221;default&#8221; global_colors_info=&#8221;{}&#8221; open=&#8221;off&#8221;]<\/p>\n<h3>Lars Teigelack<\/h3>\n<p>Finanzanalysten und Behavioral Finance (<a href=\"https:\/\/www.nomos-shop.de\/nomos\/titel\/finanzanalysen-und-behavioral-finance-id-81426\/\">Link<\/a>)<\/p>\n<p>[\/et_pb_accordion_item][et_pb_accordion_item title=&#8221;2011&#8243; _builder_version=&#8221;4.16&#8243; _module_preset=&#8221;default&#8221; global_colors_info=&#8221;{}&#8221; open=&#8221;off&#8221;]<\/p>\n<h3>Malte Wundenberg<\/h3>\n<p>Compliance und die prinzipiengeleitete Aufsicht \u00fcber Bankengruppen (<a href=\"https:\/\/www.mohrsiebeck.com\/buch\/compliance-und-die-prinzipiengeleitete-aufsicht-ueber-bankengruppen-9783161516962\">Link<\/a>)<\/p>\n<p>[\/et_pb_accordion_item][\/et_pb_accordion][\/et_pb_column][\/et_pb_row][et_pb_row _builder_version=&#8221;4.16&#8243; _module_preset=&#8221;default&#8221; custom_margin=&#8221;0px||0px||false|false&#8221; custom_padding=&#8221;0px||0px||false|false&#8221; saved_tabs=&#8221;all&#8221; global_colors_info=&#8221;{}&#8221;][et_pb_column type=&#8221;4_4&#8243; _builder_version=&#8221;4.16&#8243; _module_preset=&#8221;default&#8221; global_colors_info=&#8221;{}&#8221;][\/et_pb_column][\/et_pb_row][\/et_pb_section]<\/p>\n","protected":false},"excerpt":{"rendered":"<p>Christian Wilde Rememberance Christian Wilde was a member of the founding committee of Bucerius Law School and partner in the law firm Freshfields Bruckhaus Deringer. The existence of our university is owed not least to his great personal commitment. Christian Wilde, who died at the age of 64 in 2004, had a friendly relationship to [&hellip;]<\/p>\n","protected":false},"author":1,"featured_media":0,"parent":0,"menu_order":0,"comment_status":"closed","ping_status":"closed","template":"","meta":{"_et_pb_use_builder":"on","_et_pb_old_content":"","_et_gb_content_width":""},"yoast_head":"<!-- This site is optimized with the Yoast SEO plugin v19.3 - https:\/\/yoast.com\/wordpress\/plugins\/seo\/ -->\n<title>Christian Wilde Memorial - IUKR - Das Institut f\u00fcr Unternehmens- und Kapitalmarktrecht ist eine wissenschaftliche Einrichtung der Bucerius Law School \u2013 Hochschule f\u00fcr Rechtswissenschaft.<\/title>\n<meta name=\"robots\" content=\"index, follow, max-snippet:-1, max-image-preview:large, max-video-preview:-1\" \/>\n<link rel=\"canonical\" href=\"https:\/\/iukr.de\/en\/christian-wilde-memorial\/\" \/>\n<meta property=\"og:locale\" content=\"en_US\" \/>\n<meta property=\"og:type\" content=\"article\" \/>\n<meta property=\"og:title\" content=\"Christian Wilde Memorial - IUKR - Das Institut f\u00fcr Unternehmens- und Kapitalmarktrecht ist eine wissenschaftliche Einrichtung der Bucerius Law School \u2013 Hochschule f\u00fcr Rechtswissenschaft.\" \/>\n<meta property=\"og:description\" content=\"Christian Wilde Rememberance Christian Wilde was a member of the founding committee of Bucerius Law School and partner in the law firm Freshfields Bruckhaus Deringer. The existence of our university is owed not least to his great personal commitment. Christian Wilde, who died at the age of 64 in 2004, had a friendly relationship to [&hellip;]\" \/>\n<meta property=\"og:url\" content=\"https:\/\/iukr.de\/en\/christian-wilde-memorial\/\" \/>\n<meta property=\"og:site_name\" content=\"IUKR - Das Institut f\u00fcr Unternehmens- und Kapitalmarktrecht ist eine wissenschaftliche Einrichtung der Bucerius Law School \u2013 Hochschule f\u00fcr Rechtswissenschaft.\" \/>\n<meta property=\"article:modified_time\" content=\"2024-07-29T12:53:55+00:00\" \/>\n<meta name=\"twitter:card\" content=\"summary_large_image\" \/>\n<meta name=\"twitter:label1\" content=\"Est. reading time\" \/>\n\t<meta name=\"twitter:data1\" content=\"8 minutes\" \/>\n<script type=\"application\/ld+json\" class=\"yoast-schema-graph\">{\"@context\":\"https:\/\/schema.org\",\"@graph\":[{\"@type\":\"WebSite\",\"@id\":\"https:\/\/iukr.de\/en\/#website\",\"url\":\"https:\/\/iukr.de\/en\/\",\"name\":\"IUKR - Das Institut f\u00fcr Unternehmens- und Kapitalmarktrecht ist eine wissenschaftliche Einrichtung der Bucerius Law School \u2013 Hochschule f\u00fcr Rechtswissenschaft.\",\"description\":\"Institut f\u00fcr Unternehmens- und Kapitalmarktrecht\",\"potentialAction\":[{\"@type\":\"SearchAction\",\"target\":{\"@type\":\"EntryPoint\",\"urlTemplate\":\"https:\/\/iukr.de\/en\/?s={search_term_string}\"},\"query-input\":\"required name=search_term_string\"}],\"inLanguage\":\"en-US\"},{\"@type\":\"WebPage\",\"@id\":\"https:\/\/iukr.de\/en\/christian-wilde-memorial\/\",\"url\":\"https:\/\/iukr.de\/en\/christian-wilde-memorial\/\",\"name\":\"Christian Wilde Memorial - IUKR - Das Institut f\u00fcr Unternehmens- und Kapitalmarktrecht ist eine wissenschaftliche Einrichtung der Bucerius Law School \u2013 Hochschule f\u00fcr Rechtswissenschaft.\",\"isPartOf\":{\"@id\":\"https:\/\/iukr.de\/en\/#website\"},\"datePublished\":\"2020-12-03T11:55:42+00:00\",\"dateModified\":\"2024-07-29T12:53:55+00:00\",\"breadcrumb\":{\"@id\":\"https:\/\/iukr.de\/en\/christian-wilde-memorial\/#breadcrumb\"},\"inLanguage\":\"en-US\",\"potentialAction\":[{\"@type\":\"ReadAction\",\"target\":[\"https:\/\/iukr.de\/en\/christian-wilde-memorial\/\"]}]},{\"@type\":\"BreadcrumbList\",\"@id\":\"https:\/\/iukr.de\/en\/christian-wilde-memorial\/#breadcrumb\",\"itemListElement\":[{\"@type\":\"ListItem\",\"position\":1,\"name\":\"Startseite\",\"item\":\"https:\/\/iukr.de\/en\/\"},{\"@type\":\"ListItem\",\"position\":2,\"name\":\"Christian Wilde Memorial\"}]}]}<\/script>\n<!-- \/ Yoast SEO plugin. -->","yoast_head_json":{"title":"Christian Wilde Memorial - IUKR - Das Institut f\u00fcr Unternehmens- und Kapitalmarktrecht ist eine wissenschaftliche Einrichtung der Bucerius Law School \u2013 Hochschule f\u00fcr Rechtswissenschaft.","robots":{"index":"index","follow":"follow","max-snippet":"max-snippet:-1","max-image-preview":"max-image-preview:large","max-video-preview":"max-video-preview:-1"},"canonical":"https:\/\/iukr.de\/en\/christian-wilde-memorial\/","og_locale":"en_US","og_type":"article","og_title":"Christian Wilde Memorial - IUKR - Das Institut f\u00fcr Unternehmens- und Kapitalmarktrecht ist eine wissenschaftliche Einrichtung der Bucerius Law School \u2013 Hochschule f\u00fcr Rechtswissenschaft.","og_description":"Christian Wilde Rememberance Christian Wilde was a member of the founding committee of Bucerius Law School and partner in the law firm Freshfields Bruckhaus Deringer. The existence of our university is owed not least to his great personal commitment. Christian Wilde, who died at the age of 64 in 2004, had a friendly relationship to [&hellip;]","og_url":"https:\/\/iukr.de\/en\/christian-wilde-memorial\/","og_site_name":"IUKR - Das Institut f\u00fcr Unternehmens- und Kapitalmarktrecht ist eine wissenschaftliche Einrichtung der Bucerius Law School \u2013 Hochschule f\u00fcr Rechtswissenschaft.","article_modified_time":"2024-07-29T12:53:55+00:00","twitter_card":"summary_large_image","twitter_misc":{"Est. reading time":"8 minutes"},"schema":{"@context":"https:\/\/schema.org","@graph":[{"@type":"WebSite","@id":"https:\/\/iukr.de\/en\/#website","url":"https:\/\/iukr.de\/en\/","name":"IUKR - Das Institut f\u00fcr Unternehmens- und Kapitalmarktrecht ist eine wissenschaftliche Einrichtung der Bucerius Law School \u2013 Hochschule f\u00fcr Rechtswissenschaft.","description":"Institut f\u00fcr Unternehmens- und Kapitalmarktrecht","potentialAction":[{"@type":"SearchAction","target":{"@type":"EntryPoint","urlTemplate":"https:\/\/iukr.de\/en\/?s={search_term_string}"},"query-input":"required name=search_term_string"}],"inLanguage":"en-US"},{"@type":"WebPage","@id":"https:\/\/iukr.de\/en\/christian-wilde-memorial\/","url":"https:\/\/iukr.de\/en\/christian-wilde-memorial\/","name":"Christian Wilde Memorial - IUKR - Das Institut f\u00fcr Unternehmens- und Kapitalmarktrecht ist eine wissenschaftliche Einrichtung der Bucerius Law School \u2013 Hochschule f\u00fcr Rechtswissenschaft.","isPartOf":{"@id":"https:\/\/iukr.de\/en\/#website"},"datePublished":"2020-12-03T11:55:42+00:00","dateModified":"2024-07-29T12:53:55+00:00","breadcrumb":{"@id":"https:\/\/iukr.de\/en\/christian-wilde-memorial\/#breadcrumb"},"inLanguage":"en-US","potentialAction":[{"@type":"ReadAction","target":["https:\/\/iukr.de\/en\/christian-wilde-memorial\/"]}]},{"@type":"BreadcrumbList","@id":"https:\/\/iukr.de\/en\/christian-wilde-memorial\/#breadcrumb","itemListElement":[{"@type":"ListItem","position":1,"name":"Startseite","item":"https:\/\/iukr.de\/en\/"},{"@type":"ListItem","position":2,"name":"Christian Wilde Memorial"}]}]}},"_links":{"self":[{"href":"https:\/\/iukr.de\/en\/wp-json\/wp\/v2\/pages\/2163"}],"collection":[{"href":"https:\/\/iukr.de\/en\/wp-json\/wp\/v2\/pages"}],"about":[{"href":"https:\/\/iukr.de\/en\/wp-json\/wp\/v2\/types\/page"}],"author":[{"embeddable":true,"href":"https:\/\/iukr.de\/en\/wp-json\/wp\/v2\/users\/1"}],"replies":[{"embeddable":true,"href":"https:\/\/iukr.de\/en\/wp-json\/wp\/v2\/comments?post=2163"}],"version-history":[{"count":10,"href":"https:\/\/iukr.de\/en\/wp-json\/wp\/v2\/pages\/2163\/revisions"}],"predecessor-version":[{"id":2903,"href":"https:\/\/iukr.de\/en\/wp-json\/wp\/v2\/pages\/2163\/revisions\/2903"}],"wp:attachment":[{"href":"https:\/\/iukr.de\/en\/wp-json\/wp\/v2\/media?parent=2163"}],"curies":[{"name":"wp","href":"https:\/\/api.w.org\/{rel}","templated":true}]}}